{"id":5,"date":"2020-01-13T11:17:52","date_gmt":"2020-01-13T11:17:52","guid":{"rendered":"https:\/\/demosites.io\/web-agency-gb\/?page_id=5"},"modified":"2024-11-22T13:20:16","modified_gmt":"2024-11-22T13:20:16","slug":"15c42-web-agency-gb-home","status":"publish","type":"page","link":"https:\/\/imatges.mancovall.com\/mit39\/","title":{"rendered":"Home"},"content":{"rendered":"<p>[vc_row][vc_column][vc_column_text]<\/p>\r\n\r\n<div class=\"wp-block-cover alignfull is-light\" style=\"min-height: 700px;aspect-ratio:unset;\"><img decoding=\"async\" width=\"1926\" height=\"907\" class=\"wp-block-cover__image-background wp-image-828\" src=\"https:\/\/imatges.mancovall.com\/mit39\/wp-content\/uploads\/2024\/10\/cabeceraweb.jpg\" alt=\"\" data-object-fit=\"cover\" srcset=\"https:\/\/imatges.mancovall.com\/mit39\/wp-content\/uploads\/2024\/10\/cabeceraweb.jpg 1926w, https:\/\/imatges.mancovall.com\/mit39\/wp-content\/uploads\/2024\/10\/cabeceraweb-300x141.jpg 300w, https:\/\/imatges.mancovall.com\/mit39\/wp-content\/uploads\/2024\/10\/cabeceraweb-1024x482.jpg 1024w, https:\/\/imatges.mancovall.com\/mit39\/wp-content\/uploads\/2024\/10\/cabeceraweb-768x362.jpg 768w, https:\/\/imatges.mancovall.com\/mit39\/wp-content\/uploads\/2024\/10\/cabeceraweb-1536x723.jpg 1536w, https:\/\/imatges.mancovall.com\/mit39\/wp-content\/uploads\/2024\/10\/cabeceraweb-500x235.jpg 500w, https:\/\/imatges.mancovall.com\/mit39\/wp-content\/uploads\/2024\/10\/cabeceraweb-800x377.jpg 800w, https:\/\/imatges.mancovall.com\/mit39\/wp-content\/uploads\/2024\/10\/cabeceraweb-1280x603.jpg 1280w, https:\/\/imatges.mancovall.com\/mit39\/wp-content\/uploads\/2024\/10\/cabeceraweb-1920x904.jpg 1920w, https:\/\/imatges.mancovall.com\/mit39\/wp-content\/uploads\/2024\/10\/cabeceraweb-600x283.jpg 600w\" sizes=\"(max-width: 1926px) 100vw, 1926px\" \/>\r\n<div class=\"wp-block-cover__inner-container is-layout-flow wp-block-cover-is-layout-flow\">\r\n<div class=\"wp-block-spacer\" style=\"height: 80px;\" aria-hidden=\"true\">\u00a0<\/div>\r\n\r\n\r\n\r\n<h1 class=\"wp-block-heading has-text-align-left has-neve-link-color-color has-text-color\">39 Mostra Internacional de Titelles a la Vall d&#8217;Albaida<\/h1>\r\n\r\n\r\n\r\n<div class=\"wp-block-buttons is-horizontal is-content-justification-left is-layout-flex wp-container-core-buttons-is-layout-1 wp-block-buttons-is-layout-flex\">\r\n<div class=\"wp-block-button is-style-primary\"><a class=\"wp-block-button__link has-nv-dark-bg-color has-text-color has-background wp-element-button\" style=\"border-radius: 50px; background-color: #ff6e5b;\" href=\"#programacio\">PROGRAMACI\u00d3<\/a><\/div>\r\n<\/div>\r\n\r\n\r\n\r\n<div class=\"wp-block-spacer\" style=\"height: 80px;\" aria-hidden=\"true\">\u00a0<\/div>\r\n\r\n\r\n\r\n<div class=\"wp-block-spacer\" style=\"height: 80px;\" aria-hidden=\"true\">\u00a0<\/div>\r\n\r\n\r\n\r\n<p>&nbsp;<\/p>\r\n<\/div>\r\n<\/div>\r\n\r\n\r\n\r\n<h1 class=\"wp-block-spacer\" style=\"height: 80px; text-align: center;\" aria-hidden=\"true\"><a href=\"https:\/\/mostratitelles.com\/la-mancomunitat-de-municipis-de-la-vall-dalbaida-suspen-la-39-mostra-internacional-de-titelles-a-causa-de-la-crisi-derivada-per-la-dana\/\"><span style=\"font-size: medium;\"><b>La Mancomunitat de municipis de la Vall d&#8217;Albaida <\/b><\/span><\/a><a href=\"https:\/\/mostratitelles.com\/la-mancomunitat-de-municipis-de-la-vall-dalbaida-suspen-la-39-mostra-internacional-de-titelles-a-causa-de-la-crisi-derivada-per-la-dana\/\"><span style=\"font-size: medium;\"><b>susp\u00e9n la 39 Mostra Internacional de Titelles<\/b><\/span><\/a><a href=\"https:\/\/mostratitelles.com\/la-mancomunitat-de-municipis-de-la-vall-dalbaida-suspen-la-39-mostra-internacional-de-titelles-a-causa-de-la-crisi-derivada-per-la-dana\/\"><span style=\"font-size: medium;\"><b> a causa de la crisi derivada per la DANA<\/b><\/span><\/a><\/h1>\r\n\r\n\r\n\r\n<div class=\"wp-block-columns is-layout-flex wp-container-core-columns-is-layout-1 wp-block-columns-is-layout-flex\">\r\n<div class=\"wp-block-column is-layout-flow wp-block-column-is-layout-flow\"><hr \/>\r\n<p> Enguany amb 11 companyies hem pogut fer el nostre trencaclosques i oferir 28 representacions, un taller y una exposici\u00f3 D\u2019OMBRES que estar\u00e0 els 4 dies de la Mostra a Albaida a la Sala Vallcaneda, al costat del Museu de Titelles.<\/p>\r\n\r\n<p> Tot aix\u00f2 en 4 dies i en 22 pobles , del 7 al 10 de novembre de 2024<\/p>\r\n\r\n<p> Farem funcions per a p\u00fablic familiar, per adults, per a escolars, per a els m\u00e9s menuts a les escoletes&#8230;la collita d\u2019enguany, perqu\u00e8 ja sabeu que no sempre tenim a l\u2019abast tot all\u00f2 qu\u00e8 pensem, inclou propostes de companyies\u00a0 amb traject\u00f2ries consolidades i tamb\u00e9 amb noves veus, m\u00e9s innovadores i espectacles amb diferents disciplines com el circ o les ombres&#8230;<\/p>\r\n\r\n<p> La Mostra consolida l\u2019espai p\u00fablic i ajuda a cohesionar socialment la Vall, els nostre objectiu, es que la gent isca de casa , vaja al teatre, a l\u2019escola, al museu&#8230; que els 22 pobles que participen bateguen junts els 4 dies que dura la Mostra, que visiten els pobles ve\u00efns, que fassen els seus itineraris per tota la Vall gaudint del treball dels artistes, que es barregen amb ells, amb la resta de p\u00fablic, de totes les edats, ve\u00efns i forasters&#8230; que deixen les pantalles descansar i pugan viure l\u2019experi\u00e8ncia \u00fanica de sentir les emocions sense filtres, sense scroll&#8230; amb tots els sentis.<\/p>\r\n<p>Tamb\u00e9, m\u2019agradaria dir-vos que ja estem treballant en la propera edici\u00f3, al 2025 complirem\u00a0 40 i hi ha que celebrar-ho, \u00e9s un\u00a0 m\u00e8rit i una proesa que un esdeveniment d\u2019aquestes caracter\u00edstiques s\u2019haja mantingut, haja crescut i s\u2019haja convertit en un referent dins el mon dels festivals i mostres de teatre de titelles. Estem treballant per a presentar l\u2019any que ve una Mostra molt m\u00e9s especial , on tota la Vall puga participar. Esperem que les institucions ens acompanyen per a poder dur a terme la proposta que tenim al cap i al cor.<\/p>\r\n\r\n<p> Gaudim la Mostra.<\/p>\r\n\r\n<p> Marisol Limi\u00f1ana<br \/>Directora MIT<\/p>\r\n<\/div>\r\n<\/div>\r\n\r\n\r\n\r\n<div class=\"wp-block-spacer\" style=\"height: 80px;\" aria-hidden=\"true\">\u00a0<\/div>\r\n\r\n\r\n\r\n<h2 id=\"programacio\" class=\"wp-block-heading\">Programaci\u00f3<\/h2>\r\n\r\n\r\n\r\n<p><br \/><div id=\"footable_parent_945\"\n         class=\" footable_parent ninja_table_wrapper loading_ninja_table wp_table_data_press_parent bootstrap3 \">\n                <table data-ninja_table_instance=\"ninja_table_instance_0\" data-footable_id=\"945\" data-filter-delay=\"1000\" aria-label=\"Graella programaci\u00f3( Duplicate )\"            id=\"footable_945\"\n           data-unique_identifier=\"ninja_table_unique_id_790909013_945\"\n           class=\" foo-table ninja_footable foo_table_945 ninja_table_unique_id_790909013_945 table  nt_type_ajax_table  footable-paging-right\">\n                <colgroup>\n                            <col class=\"ninja_column_0 \">\n                            <col class=\"ninja_column_1 \">\n                            <col class=\"ninja_column_2 \">\n                            <col class=\"ninja_column_3 \">\n                            <col class=\"ninja_column_4 \">\n                            <col class=\"ninja_column_5 \">\n                    <\/colgroup>\n            <\/table>\n    \n    \n    \n<\/div>\r\n\r\n\r\n\r\n<h2 id=\"espectacles\" class=\"wp-block-heading\">Espectacles<\/h2>\r\n\r\n\r\n\t<!-- CSS Part Start From Here-->\r\n\t<style>\r\n\t\t\r\n\t\t.portfolio-wraper {\r\n\t\t\t\t\t\tmargin-bottom:20px;\r\n\t\t}\r\n\t\t.pfg-bootstrap .img-fluid {\r\n\t\t  max-width: 100%;\r\n\t\t  height: auto;\r\n\t\t}\r\n\r\n\t\t.pfg-bootstrap .img-thumbnail {\r\n\t\t  padding: 0.25rem;\r\n\t\t  background-color: #fff;\r\n\r\n\t\t  \t\t  max-width: 100%;\r\n\t\t  height: auto;\r\n\t\t}\r\n\t\t.pfg-bootstrap .img-circle {\r\n\t\t  border-radius: 50%;\r\n\t\t}\r\n\t\t.pfg-bootstrap img {\r\n\t\t -moz-transition: all .2s ease-in-out;\r\n\t\t  -webkit-transition: all .2s ease-in-out;\r\n\t\t  -ms-transition: all .2s ease-in-out;\r\n\t\t  -o-transition: all .2s ease-in-out;\r\n\t\t  transition: all .2s ease-in-out;\r\n\t\t}\r\n\t\t.pfg-bootstrap .thumbnail {\r\n\t\t  display: block;\r\n\t\t  padding: 4px;\r\n\t\t  \/*margin-bottom: 20px;*\/\r\n\t\t  line-height: 1.42857143;\r\n\t\t  background-color: #fff;\r\n\t\t  border: 1px solid #ddd;\r\n\t\t  border-radius: 4px;\r\n\t\t  -webkit-transition: border .2s ease-in-out;\r\n\t\t\t   -o-transition: border .2s ease-in-out;\r\n\t\t\t\t  transition: border .2s ease-in-out;\r\n\t\t}\r\n\t\t.pfg-bootstrap .thumbnail > img,\r\n\t\t.pfg-bootstrap .thumbnail a > img {\r\n\t\t  margin-right: auto;\r\n\t\t  margin-left: auto;\r\n\t\t}\r\n\t\t.pfg-bootstrap a.thumbnail:hover,\r\n\t\t.pfg-bootstrap a.thumbnail:focus,\r\n\t\t.pfg-bootstrap a.thumbnail.active {\r\n\t\t  border-color: #337ab7;\r\n\t\t}\r\n\t\t.pfg-bootstrap .thumbnail .caption {\r\n\t\t  padding: 9px;\r\n\t\t  color: #333;\r\n\t\t}\r\n\r\n\t\tfigure {\r\n\t\t  margin: 0;\r\n\t\t}\r\n\t\timg {\r\n\t\t  vertical-align: middle;\r\n\t\t}\r\n\t\t.pfg-bootstrap .img-responsive,\r\n\t\t.pfg-bootstrap .thumbnail > img,\r\n\t\t.pfg-bootstrap .thumbnail a > img,\r\n\t\t.pfg-bootstrap .carousel-inner > .item > img,\r\n\t\t.pfg-bootstrap .carousel-inner > .item > a > img {\r\n\t\t  display: block;\r\n\t\t  max-width: 100%;\r\n\t\t  height: auto;\r\n\t\t}\r\n\t\t.pfg-bootstrap .img-rounded {\r\n\t\t  border-radius: 6px;\r\n\t\t}\r\n\t\t\r\n\t\t\t\tli#all {\r\n\t\t\tmargin: 0;\r\n\t\t}\r\n\t\t\r\n\t\t.simplefilter li {\r\n\t\t\tmargin-top: 5px;\r\n\t\t}\r\n\t\t\r\n\t\t.filtr-search {\r\n\t\t\tmargin-top:10px !important;\r\n\t\t\twidth:200px !important;\r\n\t\t\tmargin-bottom: 20px;\r\n\t\t}\r\n\t\t#all-simplefilter {\r\n\t\t\tdisplay:inline;\r\n\t\t\tpadding-left: 0px !important;\r\n\t\t}\r\n\t\t#f-simplefilter-361 {\r\n\t\t\tdisplay:inline;\r\n\t\t\tpadding-left: 0px !important;\r\n\t\t}\r\n\t\tbutton:hover {\r\n\t\t\tbackground-color: unset !important;\r\n\t\t}\r\n\t\t\r\n\t\t\t\t\r\n\t\t@keyframes .YouTubePopUp-Content  {\r\n\t\t\tfrom {\r\n\t\t\t\ttransform: translate3d(0, 100%, 0);\r\n\t\t\t\tvisibility: visible;\r\n\t\t\t}\r\n\r\n\t\t\tto {\r\n\t\t\t\ttransform: translate3d(0, 0, 0);\r\n\t\t\t}\r\n\t\t}\r\n\r\n\t\t.YouTubePopUp-Content  {\r\n\t\t\tanimation-name: .YouTubePopUp-Content ;\r\n\t\t}\r\n\r\n\t\t.YouTubePopUp-Close { \r\n\t\t\tbackground:url(https:\/\/imatges.mancovall.com\/mit39\/wp-content\/plugins\/portfolio-filter-gallery\/\/img\/close-icon-white.png) no-repeat;\r\n\t\t\tbackground-size:50px 50px;\r\n\t\t\t-webkit-background-size:70px 50px;\r\n\t\t\t-moz-background-size:70px 50px;\r\n\t\t\t-o-background-size:70px 50px;\r\n\t\t}\r\n\t\tul.simplefilter {\r\n\t\t\tmargin-left: 0 !important;\r\n\t\t}\r\n\t\t.pfg_img_361 {\r\n\t\t\twidth: 100% !important;\r\n\t\t\theight: 100% !important;\r\n\t\t}\r\n\t\t.filter_gallery_361 > a {\r\n\t\t\tposition: initial !important;\r\n\t\t}\r\n\t\t.thumbnail_361 {\r\n\t\t\twidth:100% !important;\r\n\t\t\theight:auto;\r\n\t\t\tmargin-bottom: 0px !important;\r\n\t\t\t\r\n\t\t}\r\n\t\t.filtr-item {\r\n\t\t\tpadding-right:7px !important;\r\n\t\t\tpadding-left:7px !important;\r\n\t\t\tpadding-top:7px !important;\r\n\t\t\tpadding-bottom:7px !important;\r\n\t\t}\r\n\t\t.filtr-item img {\r\n\t\t\ttransition: all .2s !important\r\n\t\t}\r\n\t\t\t\t\t\t.simplefilter_361 li {\r\n\t\t\tbackground-color: #ccc;\r\n\t\t\tcolor: #ffffff;\r\n\t\t}\r\n\t\t\r\n\t\t.simplefilter_361 li:hover {\r\n\t\t\tbackground-color: #656565 !important;\r\n\t\t}\r\n\t\t\r\n\t\t.simplefilter_361 li.active {\r\n\t\t\tbackground-color: #656565 !important;\r\n\t\t}\r\n\t\t\r\n\t\t\t<\/style>\r\n\t\t<div class=\"portfolio-wraper pfg-bootstrap\" version=\"1.7.0\">\r\n\t\t\t\t<!-- Shuffle & Sort Controls -->\r\n\t\t\t\t\r\n\t\t<div class=\"row loading-wrapper text-center\">\r\n\t\t\t<img decoding=\"async\" src=\"https:\/\/imatges.mancovall.com\/mit39\/wp-content\/plugins\/portfolio-filter-gallery\/\/img\/loading-icon.gif\" width=\"60\">\r\n\t\t<\/div>\r\n\t\t<div class=\"filter_gallery_361 row filtr-container filters-div\" style=\"opacity:0; display:none;\">\r\n\t\t\t\t\t\t\t\t<a href=\"https:\/\/imatges.mancovall.com\/mit39\/15c42-web-agency-gb-portfolio-single-copy-copy-copy-copy-copy-copy\/\" target=\"_self\" title=\"\u00abMentida podrida\u00bb \u2013 Cal Teatre (Catalunya)\" title=\"\u00abMentida podrida\u00bb \u2013 Cal Teatre (Catalunya)\">\r\n\t\t\t\t\t\t<div data-category=\"1\" data-sort=\"\u00abMentida podrida\u00bb \u2013 Cal Teatre (Catalunya)\" class=\"animateonload filtr-item filtr_item_361 single_one col-lg-4 col-md-6 col-sm-6 col-12\">\r\n\t\t\t\t\t\t\t\t\t\t\t\t\t\t\t<img decoding=\"async\" class=\" thumbnail_361 pfg-img pfg_img_361 img-responsive hvr-grow-shadow\" src=\"https:\/\/imatges.mancovall.com\/mit39\/wp-content\/uploads\/2024\/10\/1_0006_MENTIDA.jpg\" alt=\"\">\r\n\t\t\t\t\t\t\t\t\t\t\t\t\t\t\t\t\t<span class=\"item-desc item_desc_361\">\u00abMentida podrida\u00bb \u2013 Cal Teatre (Catalunya)<\/span>\r\n\t\t\t\t\t\t\t\t\t\t\t\t\t\t<\/div>\r\n\t\t\t\t\t<\/a>\r\n\t\t\t\t\t\t\t\t\t\t<a href=\"https:\/\/imatges.mancovall.com\/mit39\/15c42-web-agency-gb-portfolio-single-copy\/\" target=\"_self\" title=\"\u00abTrapos\u00bb \u2013 Coriolis Teatro de Objetos (Uruguay)\" title=\"\u00abTrapos\u00bb \u2013 Coriolis Teatro de Objetos (Uruguay)\">\r\n\t\t\t\t\t\t<div data-category=\"1\" data-sort=\"\u00abTrapos\u00bb \u2013 Coriolis Teatro de Objetos (Uruguay)\" class=\"animateonload filtr-item filtr_item_361 single_one col-lg-4 col-md-6 col-sm-6 col-12\">\r\n\t\t\t\t\t\t\t\t\t\t\t\t\t\t\t<img decoding=\"async\" class=\" thumbnail_361 pfg-img pfg_img_361 img-responsive hvr-grow-shadow\" src=\"https:\/\/imatges.mancovall.com\/mit39\/wp-content\/uploads\/2024\/10\/1_0002_TRAPOS.jpg\" alt=\"\">\r\n\t\t\t\t\t\t\t\t\t\t\t\t\t\t\t\t\t<span class=\"item-desc item_desc_361\">\u00abTrapos\u00bb \u2013 Coriolis Teatro de Objetos (Uruguay)<\/span>\r\n\t\t\t\t\t\t\t\t\t\t\t\t\t\t<\/div>\r\n\t\t\t\t\t<\/a>\r\n\t\t\t\t\t\t\t\t\t\t<a href=\"https:\/\/imatges.mancovall.com\/mit39\/15c42-web-agency-gb-portfolio-single-copy-copy\/\" target=\"_self\" title=\"\u00abAmbulant\u00bb \u2013 La Fam Teatre (Comunitat Valenciana)\" title=\"\u00abAmbulant\u00bb \u2013 La Fam Teatre (Comunitat Valenciana)\">\r\n\t\t\t\t\t\t<div data-category=\"1\" data-sort=\"\u00abAmbulant\u00bb \u2013 La Fam Teatre (Comunitat Valenciana)\" class=\"animateonload filtr-item filtr_item_361 single_one col-lg-4 col-md-6 col-sm-6 col-12\">\r\n\t\t\t\t\t\t\t\t\t\t\t\t\t\t\t<img decoding=\"async\" class=\" thumbnail_361 pfg-img pfg_img_361 img-responsive hvr-grow-shadow\" src=\"https:\/\/imatges.mancovall.com\/mit39\/wp-content\/uploads\/2024\/10\/1_0013_AMBULANT.jpg\" alt=\"\">\r\n\t\t\t\t\t\t\t\t\t\t\t\t\t\t\t\t\t<span class=\"item-desc item_desc_361\">\u00abAmbulant\u00bb \u2013 La Fam Teatre (Comunitat Valenciana)<\/span>\r\n\t\t\t\t\t\t\t\t\t\t\t\t\t\t<\/div>\r\n\t\t\t\t\t<\/a>\r\n\t\t\t\t\t\t\t\t\t\t<a href=\"https:\/\/imatges.mancovall.com\/mit39\/15c42-web-agency-gb-portfolio-single-copy-copy-copy-copy\/\" target=\"_self\" title=\"\u00abManual\u00bb \u2013 Coriolis Teatro de Objetos (Uruguay)\" title=\"\u00abManual\u00bb \u2013 Coriolis Teatro de Objetos (Uruguay)\">\r\n\t\t\t\t\t\t<div data-category=\"1\" data-sort=\"\u00abManual\u00bb \u2013 Coriolis Teatro de Objetos (Uruguay)\" class=\"animateonload filtr-item filtr_item_361 single_one col-lg-4 col-md-6 col-sm-6 col-12\">\r\n\t\t\t\t\t\t\t\t\t\t\t\t\t\t\t<img decoding=\"async\" class=\" thumbnail_361 pfg-img pfg_img_361 img-responsive hvr-grow-shadow\" src=\"https:\/\/imatges.mancovall.com\/mit39\/wp-content\/uploads\/2024\/10\/1_0000_Capa-1.jpg\" alt=\"\">\r\n\t\t\t\t\t\t\t\t\t\t\t\t\t\t\t\t\t<span class=\"item-desc item_desc_361\">\u00abManual\u00bb \u2013 Coriolis Teatro de Objetos (Uruguay)<\/span>\r\n\t\t\t\t\t\t\t\t\t\t\t\t\t\t<\/div>\r\n\t\t\t\t\t<\/a>\r\n\t\t\t\t\t\t\t\t\t\t<a href=\"https:\/\/imatges.mancovall.com\/mit39\/15c42-web-agency-gb-portfolio-single-copy-copy-copy-copy-copy-copy-copy-copy\/\" target=\"_self\" title=\"\u00abAll\u00f2 que ens uneix\u00bb \u2013 T\u00edteres La Matallina (Comunitat Valenciana)\" title=\"\u00abAll\u00f2 que ens uneix\u00bb \u2013 T\u00edteres La Matallina (Comunitat Valenciana)\">\r\n\t\t\t\t\t\t<div data-category=\"1\" data-sort=\"\u00abAll\u00f2 que ens uneix\u00bb \u2013 T\u00edteres La Matallina (Comunitat Valenciana)\" class=\"animateonload filtr-item filtr_item_361 single_one col-lg-4 col-md-6 col-sm-6 col-12\">\r\n\t\t\t\t\t\t\t\t\t\t\t\t\t\t\t<img decoding=\"async\" class=\" thumbnail_361 pfg-img pfg_img_361 img-responsive hvr-grow-shadow\" src=\"https:\/\/imatges.mancovall.com\/mit39\/wp-content\/uploads\/2024\/10\/1_0005_ALLO.jpg\" alt=\"\">\r\n\t\t\t\t\t\t\t\t\t\t\t\t\t\t\t\t\t<span class=\"item-desc item_desc_361\">\u00abAll\u00f2 que ens uneix\u00bb \u2013 T\u00edteres La Matallina (Comunitat Valenciana)<\/span>\r\n\t\t\t\t\t\t\t\t\t\t\t\t\t\t<\/div>\r\n\t\t\t\t\t<\/a>\r\n\t\t\t\t\t\t\t\t\t\t<a href=\"https:\/\/imatges.mancovall.com\/mit39\/15c42-web-agency-gb-portfolio-single-copy-copy-copy-copy-copy-copy-copy-2-copy-copy\/\" target=\"_self\" title=\"\u00abLa isla de las cosas perdidas\u00bb \u2013 La Tend\u00eda (Murcia)\" title=\"\u00abLa isla de las cosas perdidas\u00bb \u2013 La Tend\u00eda (Murcia)\">\r\n\t\t\t\t\t\t<div data-category=\"1\" data-sort=\"\u00abLa isla de las cosas perdidas\u00bb \u2013 La Tend\u00eda (Murcia)\" class=\"animateonload filtr-item filtr_item_361 single_one col-lg-4 col-md-6 col-sm-6 col-12\">\r\n\t\t\t\t\t\t\t\t\t\t\t\t\t\t\t<img decoding=\"async\" class=\" thumbnail_361 pfg-img pfg_img_361 img-responsive hvr-grow-shadow\" src=\"https:\/\/imatges.mancovall.com\/mit39\/wp-content\/uploads\/2024\/10\/1_0001_ISLA.jpg\" alt=\"\">\r\n\t\t\t\t\t\t\t\t\t\t\t\t\t\t\t\t\t<span class=\"item-desc item_desc_361\">\u00abLa isla de las cosas perdidas\u00bb \u2013 La Tend\u00eda (Murcia)<\/span>\r\n\t\t\t\t\t\t\t\t\t\t\t\t\t\t<\/div>\r\n\t\t\t\t\t<\/a>\r\n\t\t\t\t\t\t\t\t\t\t<a href=\"https:\/\/imatges.mancovall.com\/mit39\/15c42-web-agency-gb-portfolio-single-copy-copy-copy\/\" target=\"_self\" title=\"\u00abCanastreta de contes\u00bb \u2013 T\u00edteres La Matallina (Comunitat Valenciana)\" title=\"\u00abCanastreta de contes\u00bb \u2013 T\u00edteres La Matallina (Comunitat Valenciana)\">\r\n\t\t\t\t\t\t<div data-category=\"1\" data-sort=\"\u00abCanastreta de contes\u00bb \u2013 T\u00edteres La Matallina (Comunitat Valenciana)\" class=\"animateonload filtr-item filtr_item_361 single_one col-lg-4 col-md-6 col-sm-6 col-12\">\r\n\t\t\t\t\t\t\t\t\t\t\t\t\t\t\t<img decoding=\"async\" class=\" thumbnail_361 pfg-img pfg_img_361 img-responsive hvr-grow-shadow\" src=\"https:\/\/imatges.mancovall.com\/mit39\/wp-content\/uploads\/2024\/10\/1_0004_CANASTRETA.jpg\" alt=\"\">\r\n\t\t\t\t\t\t\t\t\t\t\t\t\t\t\t\t\t<span class=\"item-desc item_desc_361\">\u00abCanastreta de contes\u00bb \u2013 T\u00edteres La Matallina (Comunitat Valenciana)<\/span>\r\n\t\t\t\t\t\t\t\t\t\t\t\t\t\t<\/div>\r\n\t\t\t\t\t<\/a>\r\n\t\t\t\t\t\t\t\t\t\t<a href=\"https:\/\/imatges.mancovall.com\/mit39\/15c42-web-agency-gb-portfolio-single-copy-copy-copy-copy-copy\/\" target=\"_self\" title=\"\u00abIaios\u00bb \u2013 Hop! Gesti\u00f3 Teatral (Comunitat Valenciana)\" title=\"\u00abIaios\u00bb \u2013 Hop! Gesti\u00f3 Teatral (Comunitat Valenciana)\">\r\n\t\t\t\t\t\t<div data-category=\"1\" data-sort=\"\u00abIaios\u00bb \u2013 Hop! Gesti\u00f3 Teatral (Comunitat Valenciana)\" class=\"animateonload filtr-item filtr_item_361 single_one col-lg-4 col-md-6 col-sm-6 col-12\">\r\n\t\t\t\t\t\t\t\t\t\t\t\t\t\t\t<img decoding=\"async\" class=\" thumbnail_361 pfg-img pfg_img_361 img-responsive hvr-grow-shadow\" src=\"https:\/\/imatges.mancovall.com\/mit39\/wp-content\/uploads\/2024\/10\/1_0015_IAIOS.jpg\" alt=\"\">\r\n\t\t\t\t\t\t\t\t\t\t\t\t\t\t\t\t\t<span class=\"item-desc item_desc_361\">\u00abIaios\u00bb \u2013 Hop! Gesti\u00f3 Teatral (Comunitat Valenciana)<\/span>\r\n\t\t\t\t\t\t\t\t\t\t\t\t\t\t<\/div>\r\n\t\t\t\t\t<\/a>\r\n\t\t\t\t\t\t\t\t\t\t<a href=\"https:\/\/imatges.mancovall.com\/mit39\/15c42-web-agency-gb-portfolio-single-copy-copy-2\/\" target=\"_self\" title=\"\u00abCroma, una hist\u00f2ria dibuixada\u00bb \u2013 L\u2019Horta Teatre (Comunitat Valenciana)\" title=\"\u00abCroma, una hist\u00f2ria dibuixada\u00bb \u2013 L\u2019Horta Teatre (Comunitat Valenciana)\">\r\n\t\t\t\t\t\t<div data-category=\"1\" data-sort=\"\u00abCroma, una hist\u00f2ria dibuixada\u00bb \u2013 L\u2019Horta Teatre (Comunitat Valenciana)\" class=\"animateonload filtr-item filtr_item_361 single_one col-lg-4 col-md-6 col-sm-6 col-12\">\r\n\t\t\t\t\t\t\t\t\t\t\t\t\t\t\t<img decoding=\"async\" class=\" thumbnail_361 pfg-img pfg_img_361 img-responsive hvr-grow-shadow\" src=\"https:\/\/imatges.mancovall.com\/mit39\/wp-content\/uploads\/2024\/10\/1_0011_CROMA.jpg\" alt=\"\">\r\n\t\t\t\t\t\t\t\t\t\t\t\t\t\t\t\t\t<span class=\"item-desc item_desc_361\">\u00abCroma, una hist\u00f2ria dibuixada\u00bb \u2013 L\u2019Horta Teatre (Comunitat Valenciana)<\/span>\r\n\t\t\t\t\t\t\t\t\t\t\t\t\t\t<\/div>\r\n\t\t\t\t\t<\/a>\r\n\t\t\t\t\t\t\t\t\t\t<a href=\"#\" title=\"\u00abExposici\u00f3 pell d\u2019ase\u00bb \u2013 Cia Merc\u00e8 Framis. Teatre d\u2019Ombres (Catalunya)\">\r\n\t\t\t\t\t\t<div data-category=\"1\" data-sort=\"\u00abExposici\u00f3 pell d\u2019ase\u00bb \u2013 Cia Merc\u00e8 Framis. Teatre d\u2019Ombres (Catalunya)\" class=\"animateonload filtr-item filtr_item_361 single_one col-lg-4 col-md-6 col-sm-6 col-12\">\r\n\t\t\t\t\t\t\t\t\t\t\t\t\t\t\t<img decoding=\"async\" class=\" thumbnail_361 pfg-img pfg_img_361 img-responsive hvr-grow-shadow\" src=\"https:\/\/imatges.mancovall.com\/mit39\/wp-content\/uploads\/2024\/10\/1_0012_PELL-DASE.jpg\" alt=\"\">\r\n\t\t\t\t\t\t\t\t\t\t\t\t\t\t\t\t\t<span class=\"item-desc item_desc_361\">\u00abExposici\u00f3 pell d\u2019ase\u00bb \u2013 Cia Merc\u00e8 Framis. Teatre d\u2019Ombres (Catalunya)<\/span>\r\n\t\t\t\t\t\t\t\t\t\t\t\t\t\t<\/div>\r\n\t\t\t\t\t<\/a>\r\n\t\t\t\t\t\t\t\t\t\t<a href=\"https:\/\/imatges.mancovall.com\/mit39\/15c42-web-agency-gb-portfolio-single-copy-copy-copy-copy-copy-copy-copy-copy-copy\/\" target=\"_self\" title=\"\u00abMermelhada\u00bb \u2013 El retablo (Madrid)\" title=\"\u00abMermelhada\u00bb \u2013 El retablo (Madrid)\">\r\n\t\t\t\t\t\t<div data-category=\"1\" data-sort=\"\u00abMermelhada\u00bb \u2013 El retablo (Madrid)\" class=\"animateonload filtr-item filtr_item_361 single_one col-lg-4 col-md-6 col-sm-6 col-12\">\r\n\t\t\t\t\t\t\t\t\t\t\t\t\t\t\t<img decoding=\"async\" class=\" thumbnail_361 pfg-img pfg_img_361 img-responsive hvr-grow-shadow\" src=\"https:\/\/imatges.mancovall.com\/mit39\/wp-content\/uploads\/2024\/10\/1_0009_MERMELHADA.jpg\" alt=\"\">\r\n\t\t\t\t\t\t\t\t\t\t\t\t\t\t\t\t\t<span class=\"item-desc item_desc_361\">\u00abMermelhada\u00bb \u2013 El retablo (Madrid)<\/span>\r\n\t\t\t\t\t\t\t\t\t\t\t\t\t\t<\/div>\r\n\t\t\t\t\t<\/a>\r\n\t\t\t\t\t\t\t\t\t\t<a href=\"https:\/\/imatges.mancovall.com\/mit39\/15c42-web-agency-gb-portfolio-single-copy-copy-copy-copy-copy-copy-copy-copy-copy-copy\/\" target=\"_self\" title=\"\u00abPasito a pasazo\u00bb \u2013 Eugenia Manzanera (Madrid)\" title=\"\u00abPasito a pasazo\u00bb \u2013 Eugenia Manzanera (Madrid)\">\r\n\t\t\t\t\t\t<div data-category=\"1\" data-sort=\"\u00abPasito a pasazo\u00bb \u2013 Eugenia Manzanera (Madrid)\" class=\"animateonload filtr-item filtr_item_361 single_one col-lg-4 col-md-6 col-sm-6 col-12\">\r\n\t\t\t\t\t\t\t\t\t\t\t\t\t\t\t<img decoding=\"async\" class=\" thumbnail_361 pfg-img pfg_img_361 img-responsive hvr-grow-shadow\" src=\"https:\/\/imatges.mancovall.com\/mit39\/wp-content\/uploads\/2024\/10\/1_0003_PASITO-A-PASAZO.jpg\" alt=\"\">\r\n\t\t\t\t\t\t\t\t\t\t\t\t\t\t\t\t\t<span class=\"item-desc item_desc_361\">\u00abPasito a pasazo\u00bb \u2013 Eugenia Manzanera (Madrid)<\/span>\r\n\t\t\t\t\t\t\t\t\t\t\t\t\t\t<\/div>\r\n\t\t\t\t\t<\/a>\r\n\t\t\t\t\t\t\t\t\t\t<a href=\"https:\/\/imatges.mancovall.com\/mit39\/15c42-web-agency-gb-portfolio-single\/\" target=\"_self\" title=\"\u00abEl somni\u00bb \u2013 Cia Merc\u00e8 Framis. Teatre d\u2019Ombres (Catalunya)\" title=\"\u00abEl somni\u00bb \u2013 Cia Merc\u00e8 Framis. Teatre d\u2019Ombres (Catalunya)\">\r\n\t\t\t\t\t\t<div data-category=\"1\" data-sort=\"\u00abEl somni\u00bb \u2013 Cia Merc\u00e8 Framis. Teatre d\u2019Ombres (Catalunya)\" class=\"animateonload filtr-item filtr_item_361 single_one col-lg-4 col-md-6 col-sm-6 col-12\">\r\n\t\t\t\t\t\t\t\t\t\t\t\t\t\t\t<img decoding=\"async\" class=\" thumbnail_361 pfg-img pfg_img_361 img-responsive hvr-grow-shadow\" src=\"https:\/\/imatges.mancovall.com\/mit39\/wp-content\/uploads\/2024\/10\/1_0016_EL-SOMNI.jpg\" alt=\"\">\r\n\t\t\t\t\t\t\t\t\t\t\t\t\t\t\t\t\t<span class=\"item-desc item_desc_361\">\u00abEl somni\u00bb \u2013 Cia Merc\u00e8 Framis. Teatre d\u2019Ombres (Catalunya)<\/span>\r\n\t\t\t\t\t\t\t\t\t\t\t\t\t\t<\/div>\r\n\t\t\t\t\t<\/a>\r\n\t\t\t\t\t\t\t\t\t\t<a href=\"https:\/\/imatges.mancovall.com\/mit39\/15c42-web-agency-gb-portfolio-single-copy-copy-copy-copy-copy-copy-copy\/\" target=\"_self\" title=\"\u00abPeneque, cien por cien valiente\u00bb \u2013 Los t\u00edteres de Miguel Pino (Andalusia)\" title=\"\u00abPeneque, cien por cien valiente\u00bb \u2013 Los t\u00edteres de Miguel Pino (Andalusia)\">\r\n\t\t\t\t\t\t<div data-category=\"1\" data-sort=\"\u00abPeneque, cien por cien valiente\u00bb \u2013 Los t\u00edteres de Miguel Pino (Andalusia)\" class=\"animateonload filtr-item filtr_item_361 single_one col-lg-4 col-md-6 col-sm-6 col-12\">\r\n\t\t\t\t\t\t\t\t\t\t\t\t\t\t\t<img decoding=\"async\" class=\" thumbnail_361 pfg-img pfg_img_361 img-responsive hvr-grow-shadow\" src=\"https:\/\/imatges.mancovall.com\/mit39\/wp-content\/uploads\/2024\/10\/1_0008_PENEQUE.jpg\" alt=\"\">\r\n\t\t\t\t\t\t\t\t\t\t\t\t\t\t\t\t\t<span class=\"item-desc item_desc_361\">\u00abPeneque, cien por cien valiente\u00bb \u2013 Los t\u00edteres de Miguel Pino (Andalusia)<\/span>\r\n\t\t\t\t\t\t\t\t\t\t\t\t\t\t<\/div>\r\n\t\t\t\t\t<\/a>\r\n\t\t\t\t\t\t\t\t\t\t<a href=\"#\" title=\"\u00abUn taller d\u2019ombres\u00bb \u2013 Cia Merc\u00e8 Framis. Teatre d\u2019Ombres (Catalunya)\">\r\n\t\t\t\t\t\t<div data-category=\"1\" data-sort=\"\u00abUn taller d\u2019ombres\u00bb \u2013 Cia Merc\u00e8 Framis. Teatre d\u2019Ombres (Catalunya)\" class=\"animateonload filtr-item filtr_item_361 single_one col-lg-4 col-md-6 col-sm-6 col-12\">\r\n\t\t\t\t\t\t\t\t\t\t\t\t\t\t\t<img decoding=\"async\" class=\" thumbnail_361 pfg-img pfg_img_361 img-responsive hvr-grow-shadow\" src=\"https:\/\/imatges.mancovall.com\/mit39\/wp-content\/uploads\/2024\/10\/1_0007_TALLER-DOMBRES.jpg\" alt=\"\">\r\n\t\t\t\t\t\t\t\t\t\t\t\t\t\t\t\t\t<span class=\"item-desc item_desc_361\">\u00abUn taller d\u2019ombres\u00bb \u2013 Cia Merc\u00e8 Framis. Teatre d\u2019Ombres (Catalunya)<\/span>\r\n\t\t\t\t\t\t\t\t\t\t\t\t\t\t<\/div>\r\n\t\t\t\t\t<\/a>\r\n\t\t\t\t\t\t\t\t\t\t<a href=\"https:\/\/imatges.mancovall.com\/mit39\/15c42-web-agency-gb-portfolio-single-copy-copy-copy-copy-copy-copy-copy-2-copy\/\" target=\"_self\" title=\"\u00abNacer, menuda historia\u00bb \u2013 Eugenia Manzanera (Madrid)\" title=\"\u00abNacer, menuda historia\u00bb \u2013 Eugenia Manzanera (Madrid)\">\r\n\t\t\t\t\t\t<div data-category=\"1\" data-sort=\"\u00abNacer, menuda historia\u00bb \u2013 Eugenia Manzanera (Madrid)\" class=\"animateonload filtr-item filtr_item_361 single_one col-lg-4 col-md-6 col-sm-6 col-12\">\r\n\t\t\t\t\t\t\t\t\t\t\t\t\t\t\t<img decoding=\"async\" class=\" thumbnail_361 pfg-img pfg_img_361 img-responsive hvr-grow-shadow\" src=\"https:\/\/imatges.mancovall.com\/mit39\/wp-content\/uploads\/2024\/10\/1_0014_NACER-MENUDA.jpg\" alt=\"\">\r\n\t\t\t\t\t\t\t\t\t\t\t\t\t\t\t\t\t<span class=\"item-desc item_desc_361\">\u00abNacer, menuda historia\u00bb \u2013 Eugenia Manzanera (Madrid)<\/span>\r\n\t\t\t\t\t\t\t\t\t\t\t\t\t\t<\/div>\r\n\t\t\t\t\t<\/a>\r\n\t\t\t\t\t\t\t\t\t\t<a href=\"https:\/\/imatges.mancovall.com\/mit39\/15c42-web-agency-gb-portfolio-single-copy-copy-copy-copy-copy-copy-copy-2\/\" target=\"_self\" title=\"\u00ab\u00a1Bee! (El reba\u00f1o)\u00bb \u2013 Hilando T\u00edteres (Madrid)\" title=\"\u00ab\u00a1Bee! (El reba\u00f1o)\u00bb \u2013 Hilando T\u00edteres (Madrid)\">\r\n\t\t\t\t\t\t<div data-category=\"1\" data-sort=\"\u00ab\u00a1Bee! (El reba\u00f1o)\u00bb \u2013 Hilando T\u00edteres (Madrid)\" class=\"animateonload filtr-item filtr_item_361 single_one col-lg-4 col-md-6 col-sm-6 col-12\">\r\n\t\t\t\t\t\t\t\t\t\t\t\t\t\t\t<img decoding=\"async\" class=\" thumbnail_361 pfg-img pfg_img_361 img-responsive hvr-grow-shadow\" src=\"https:\/\/imatges.mancovall.com\/mit39\/wp-content\/uploads\/2024\/10\/1_0010_BEE.jpg\" alt=\"\">\r\n\t\t\t\t\t\t\t\t\t\t\t\t\t\t\t\t\t<span class=\"item-desc item_desc_361\">\u00ab\u00a1Bee! (El reba\u00f1o)\u00bb \u2013 Hilando T\u00edteres (Madrid)<\/span>\r\n\t\t\t\t\t\t\t\t\t\t\t\t\t\t<\/div>\r\n\t\t\t\t\t<\/a>\r\n\t\t\t\t\t\t\t<\/div>\r\n\t<\/div>\r\n<script>\r\n\r\nsetTimeout(function () {\r\n\tjQuery(\".thumbnail_361\").each(function(){\r\n\t\t\/\/ console.log(jQuery(this).width() + \"x\" + jQuery(this).height())\r\n\t\tvar h = jQuery(this).height();\r\n\t\tvar w = jQuery(this).width();\r\n\t\tjQuery(this).height(h);\r\n\t\tjQuery(this).width(w);\r\n\t\tjQuery(this).resize();\r\n\t});\r\n}, 2500);\r\n\r\njQuery(document).ready(function (jQuery) {\r\n    jQuery('.filtr-item').addClass('animateonload');\r\n    jQuery('#filter_gallery_361').show();\r\n    jQuery('.loading-wrapper').hide();\r\n    jQuery(\".loader_img\").hide();\r\n    jQuery(\".lg_load_more\").show();\r\n    jQuery(\".filtr-container\").css(\"opacity\", 1);\r\n\r\n    \/\/ Define Filterizr Default Options\r\n    const options = {\r\n        animationDuration: 0.5,\r\n        callbacks: {\r\n            onFilteringStart: function() {\r\n                \/\/ Apply sorting shortly after filtering starts\r\n                setTimeout(function() {\r\n                                            filterizd.filterizr('sort', 'sortData', 'asc');\r\n                                    }, 50);\r\n            },\r\n            onFilteringEnd: function() {\r\n                \/\/ Apply sorting shortly after filtering ends\r\n                setTimeout(function() {\r\n                                            filterizd.filterizr('sort', 'sortData', 'asc');\r\n                                    }, 50);\r\n            },\r\n            onShufflingStart: function() { },\r\n            onShufflingEnd: function() { },\r\n            onSortingStart: function() { },\r\n            onSortingEnd: function() { }\r\n        },\r\n        controlsSelector: '.filtr-controls-361',\r\n        filter: 'all',\r\n        filterOutCss: {\r\n            top: '0px',\r\n            left: '0px',\r\n            opacity: 0.001,\r\n            transform: ''\r\n        },\r\n        filterInCss: {\r\n            top: '0px',\r\n            left: '0px',\r\n            opacity: 1,\r\n            transform: ''\r\n        },\r\n        layout: 'sameWidth',\r\n        selector: '.filtr-item',\r\n        setupControls: false\r\n    };\r\n\r\n    \/\/ Initialize Filterizr and ensure it is globally accessible\r\n    window.filterizd = jQuery('.filter_gallery_361').filterizr(options);\r\n\r\n    jQuery('.filter_gallery_361').imagesLoaded(function() {\r\n        \/\/ Reapply sorting after initial load\r\n                    filterizd.filterizr('sort', 'sortData', 'asc');\r\n        \r\n        \/\/ Resize handling\r\n        jQuery(window).resize(function() {\r\n            jQuery(\".thumbnail_361\").each(function() {\r\n                var h = jQuery(this).height();\r\n                var w = jQuery(this).width();\r\n                jQuery(this).height(h);\r\n                jQuery(this).width(w);\r\n            });\r\n\r\n            \/\/ Reapply sorting after resizing\r\n                            filterizd.filterizr('sort', 'sortData', 'asc');\r\n                    });\r\n    });\r\n\r\n\t\t\r\n\t\t\/\/bootstrap-lightbox-js\r\n\t\t\/\/ delegate calls to data-toggle=\"lightbox\"\r\n\t\tdocument.addEventListener('DOMContentLoaded', (event) => {\r\n            document.querySelectorAll('.my-lightbox-toggle').forEach((el) => {\r\n                el.addEventListener('click', (e) => {\r\n                    e.preventDefault();\r\n\r\n                    const options = {\r\n                        keyboard: true,\r\n                        size: 'fullscreen'\r\n                    };\r\n\r\n                    \/\/ Assuming Lightbox is a constructor from the included library\r\n                    \/\/ Check if the Lightbox class or function exists\r\n                    if (typeof Lightbox !== 'undefined') {\r\n                        const lightbox = new Lightbox(el, options);\r\n                        lightbox.show();\r\n                    } else {\r\n                        console.error('Lightbox library is not loaded.');\r\n                    }\r\n                });\r\n            });\r\n        });\r\n\t\t\r\n\t\/\/ video player\r\n\tjQuery(function(){\r\n      jQuery(\"a.video-box-361\").YouTubePopUp( { autoplay: 0 } ); \/\/ Disable autoplay\r\n\t});\r\n\t\r\n});   \r\n<\/script>\n\r\n\r\n\r\n<p style=\"font-size: 24px;\">Adreces dels espectacles<\/p>\r\n\r\n\r\n<div id=\"footable_parent_554\"\n         class=\" footable_parent ninja_table_wrapper loading_ninja_table wp_table_data_press_parent semantic_ui \">\n                <table data-ninja_table_instance=\"ninja_table_instance_1\" data-footable_id=\"554\" data-filter-delay=\"1000\" aria-label=\"adreces espectacles - Hoja 1 (1).csv\"            id=\"footable_554\"\n           data-unique_identifier=\"ninja_table_unique_id_145682632_554\"\n           class=\" foo-table ninja_footable foo_table_554 ninja_table_unique_id_145682632_554 ui table  nt_type_ajax_table selectable vertical_centered  footable-paging-right ninja_table_search_disabled\">\n                <colgroup>\n                            <col class=\"ninja_column_0 \">\n                            <col class=\"ninja_column_1 \">\n                    <\/colgroup>\n            <\/table>\n    \n    \n    \n<\/div>\n\n\r\n\r\n\r\n<div class=\"wp-block-spacer\" style=\"height: 100px;\" aria-hidden=\"true\">\u00a0<\/div>\r\n\r\n\r\n\r\n<div class=\"wp-block-media-text alignwide is-stacked-on-mobile is-vertically-aligned-top has-nv-text-dark-bg-background-color has-background\" style=\"grid-template-columns: 52% auto;\">\r\n<figure class=\"wp-block-media-text__media\"><img decoding=\"async\" width=\"900\" height=\"578\" class=\"wp-image-648 size-full\" src=\"https:\/\/mostratitelles.com\/mit38\/wp-content\/uploads\/2022\/09\/museutitelles.jpg\" alt=\"\" srcset=\"https:\/\/imatges.mancovall.com\/mit39\/wp-content\/uploads\/2022\/09\/museutitelles.jpg 900w, https:\/\/imatges.mancovall.com\/mit39\/wp-content\/uploads\/2022\/09\/museutitelles-300x193.jpg 300w, https:\/\/imatges.mancovall.com\/mit39\/wp-content\/uploads\/2022\/09\/museutitelles-768x493.jpg 768w, https:\/\/imatges.mancovall.com\/mit39\/wp-content\/uploads\/2022\/09\/museutitelles-500x321.jpg 500w, https:\/\/imatges.mancovall.com\/mit39\/wp-content\/uploads\/2022\/09\/museutitelles-800x514.jpg 800w, https:\/\/imatges.mancovall.com\/mit39\/wp-content\/uploads\/2022\/09\/museutitelles-600x385.jpg 600w\" sizes=\"(max-width: 900px) 100vw, 900px\" \/><\/figure>\r\n<div class=\"wp-block-media-text__content\">\r\n<p style=\"font-size: 32px;\"><strong>Museu Internacional de Titelles d\u2019Albaida<\/strong><\/p>\r\n\r\n\r\n\r\n<p style=\"font-size: 18px;\">Horari del museu durant la Mostra de Titelles:<br \/>\u00b7 Dijous 9, divendres 10 i dissabte 11 de novembre: de 10.00 a 14.00h i de 16.00 a 19.00h.<br \/>\u00b7 Diumenge 12 de novembre: de 10.00h a 14.00h.<\/p>\r\n<p>Horari general:<br \/>\u00b7 De dimarts a diumenge de 10 a 14h.<br \/>\u00b7 De dijous a dissabte 16h a 19h.<\/p>\r\n<p style=\"font-size: 18px;\"><\/p>\r\n<\/div>\r\n<\/div>\r\n\r\n\r\n\r\n<div class=\"wp-block-spacer\" style=\"height: 100px;\" aria-hidden=\"true\">\u00a0<\/div>\r\n\r\n\r\n\r\n<div class=\"wp-block-cover alignfull is-light\" style=\"min-height: 600px;aspect-ratio:unset;\">\r\n<p><img decoding=\"async\" width=\"1926\" height=\"907\" class=\"wp-block-cover__image-background wp-image-832\" src=\"https:\/\/imatges.mancovall.com\/mit39\/wp-content\/uploads\/2024\/10\/cabeceraweb2.jpg\" alt=\"\" data-object-fit=\"cover\" srcset=\"https:\/\/imatges.mancovall.com\/mit39\/wp-content\/uploads\/2024\/10\/cabeceraweb2.jpg 1926w, https:\/\/imatges.mancovall.com\/mit39\/wp-content\/uploads\/2024\/10\/cabeceraweb2-300x141.jpg 300w, https:\/\/imatges.mancovall.com\/mit39\/wp-content\/uploads\/2024\/10\/cabeceraweb2-1024x482.jpg 1024w, https:\/\/imatges.mancovall.com\/mit39\/wp-content\/uploads\/2024\/10\/cabeceraweb2-768x362.jpg 768w, https:\/\/imatges.mancovall.com\/mit39\/wp-content\/uploads\/2024\/10\/cabeceraweb2-1536x723.jpg 1536w, https:\/\/imatges.mancovall.com\/mit39\/wp-content\/uploads\/2024\/10\/cabeceraweb2-500x235.jpg 500w, https:\/\/imatges.mancovall.com\/mit39\/wp-content\/uploads\/2024\/10\/cabeceraweb2-800x377.jpg 800w, https:\/\/imatges.mancovall.com\/mit39\/wp-content\/uploads\/2024\/10\/cabeceraweb2-1280x603.jpg 1280w, https:\/\/imatges.mancovall.com\/mit39\/wp-content\/uploads\/2024\/10\/cabeceraweb2-1920x904.jpg 1920w, https:\/\/imatges.mancovall.com\/mit39\/wp-content\/uploads\/2024\/10\/cabeceraweb2-600x283.jpg 600w\" sizes=\"(max-width: 1926px) 100vw, 1926px\" \/><\/p>\r\n<div class=\"wp-block-cover__inner-container is-layout-flow wp-block-cover-is-layout-flow\">\r\n<div class=\"wp-block-spacer\" style=\"height: 80px;\" aria-hidden=\"true\">\u00a0<\/div>\r\n\r\n\r\n<\/div>\r\n<\/div>\r\n\r\n\r\n\r\n<div class=\"wp-block-spacer\" style=\"height: 100px;\" aria-hidden=\"true\">\u00a0<\/div>\r\n\r\n\r\n\r\n<div class=\"wp-block-spacer\" style=\"height: 100px;\" aria-hidden=\"true\">\u00a0<\/div>\r\n\r\n\r\n\r\n<div class=\"wp-block-spacer\" style=\"height: 40px;\" aria-hidden=\"true\">\u00a0<\/div>\r\n\r\n\r\n\r\n<div class=\"wp-block-buttons is-horizontal is-content-justification-left is-layout-flex wp-container-core-buttons-is-layout-2 wp-block-buttons-is-layout-flex\">\r\n<div class=\"wp-block-button is-style-secondary\"><a class=\"wp-block-button__link wp-element-button\" style=\"border-radius: 50px;\" href=\"http:\/\/mostratitelles.com\/mit39\/\">\u2191 Tornar al principi<\/a><\/div>\r\n<\/div>\r\n\r\n\r\n\r\n<div class=\"wp-block-spacer\" style=\"height: 100px;\" aria-hidden=\"true\">\u00a0<\/div>\r\n\r\n<p>&nbsp;<\/p>\r\n<p>[\/vc_column_text][\/vc_column][\/vc_row]<\/p>","protected":false},"excerpt":{"rendered":"<p>[vc_row][vc_column][vc_column_text] Enguany amb 11 companyies hem pogut fer el nostre trencaclosques i oferir 28 representacions, un taller y una exposici\u00f3 D\u2019OMBRES que estar\u00e0 els 4 dies de la Mostra a Albaida a la Sala Vallcaneda, al costat del Museu de Titelles. Tot aix\u00f2 en 4 dies i en 22 pobles , del 7 al 10&hellip;&nbsp;<a href=\"https:\/\/imatges.mancovall.com\/mit39\/awl_filter_gallery\/espectacles\/\" rel=\"bookmark\">Leer m\u00e1s &raquo;<span class=\"screen-reader-text\">Espectacles<\/span><\/a><\/p>\n","protected":false},"author":1,"featured_media":0,"parent":0,"menu_order":0,"comment_status":"closed","ping_status":"closed","template":"","meta":{"neve_meta_sidebar":"","neve_meta_container":"","neve_meta_enable_content_width":"on","neve_meta_content_width":100,"neve_meta_title_alignment":"","neve_meta_author_avatar":"","neve_post_elements_order":"","neve_meta_disable_header":"","neve_meta_disable_footer":"","neve_meta_disable_title":"on","_vp_format_video_url":"","_vp_image_focal_point":[],"footnotes":""},"class_list":["post-5","page","type-page","status-publish","hentry"],"_links":{"self":[{"href":"https:\/\/imatges.mancovall.com\/mit39\/wp-json\/wp\/v2\/pages\/5","targetHints":{"allow":["GET"]}}],"collection":[{"href":"https:\/\/imatges.mancovall.com\/mit39\/wp-json\/wp\/v2\/pages"}],"about":[{"href":"https:\/\/imatges.mancovall.com\/mit39\/wp-json\/wp\/v2\/types\/page"}],"author":[{"embeddable":true,"href":"https:\/\/imatges.mancovall.com\/mit39\/wp-json\/wp\/v2\/users\/1"}],"replies":[{"embeddable":true,"href":"https:\/\/imatges.mancovall.com\/mit39\/wp-json\/wp\/v2\/comments?post=5"}],"version-history":[{"count":90,"href":"https:\/\/imatges.mancovall.com\/mit39\/wp-json\/wp\/v2\/pages\/5\/revisions"}],"predecessor-version":[{"id":950,"href":"https:\/\/imatges.mancovall.com\/mit39\/wp-json\/wp\/v2\/pages\/5\/revisions\/950"}],"wp:attachment":[{"href":"https:\/\/imatges.mancovall.com\/mit39\/wp-json\/wp\/v2\/media?parent=5"}],"curies":[{"name":"wp","href":"https:\/\/api.w.org\/{rel}","templated":true}]}}